{"id":136,"date":"2020-11-12T17:24:24","date_gmt":"2020-11-12T17:24:24","guid":{"rendered":"https:\/\/www.farveogstil.dk\/index.php\/toej-og-miljoe\/"},"modified":"2023-03-13T13:16:49","modified_gmt":"2023-03-13T12:16:49","slug":"toej-og-miljoe","status":"publish","type":"page","link":"https:\/\/www.farveogstil.dk\/index.php\/toej-og-miljoe\/","title":{"rendered":"T\u00f8j og Milj\u00f8"},"content":{"rendered":"\n    \n    <section class=\"u-clearfix u-image u-section-2\" id=\"carousel_9606\" style=\"background-image: url(&quot;https:\/\/www.farveogstil.dk\/wp-content\/uploads\/2020\/11\/e4-1.jpg&quot;);\">\n      <div class=\"u-clearfix u-layout-wrap u-layout-wrap-1\">\n        <div class=\"u-layout\">\n          <div class=\"u-layout-row\">\n            <div class=\"u-container-style u-layout-cell u-left-cell u-size-22 u-layout-cell-1\">\n              <div class=\"u-container-layout u-valign-top-md u-valign-top-sm u-valign-top-xs u-container-layout-1\">\n                <h5 class=\"u-align-left u-text u-text-default u-text-1\">t\u00f8j og milj\u00f8<\/h5>\n                <h1 class=\"u-custom-font u-font-roboto-condensed u-text u-text-custom-color-1 u-title u-text-2\">v\u00e6r bevidst om dit t\u00f8jindk\u00f8b<\/h1>\n                <p class=\"u-text u-text-default u-text-3\">Vidste du, at t\u00f8jbranchen er en af de mest forurenende i verden, og at danskerne er storforbrugere af t\u00f8j?&nbsp;<br>\n                  <br>Med tryghed omkring dine farver, undg\u00e5r du fejlk\u00f8b - og du kan med fordel k\u00f8be dit t\u00f8j i genbrugsbutikker. \n                <\/p>\n              <\/div>\n            <\/div>\n            <div class=\"u-align-center u-container-style u-image u-layout-cell u-right-cell u-size-38 u-image-1\" style=\"background-image: url(&quot;https:\/\/www.farveogstil.dk\/wp-content\/uploads\/2020\/11\/blur-1850082_960_720-1.jpg&quot;);\">\n              <div class=\"u-container-layout u-container-layout-2\"><\/div>\n            <\/div>\n          <\/div>\n        <\/div>\n      <\/div>\n    <\/section>\n    <section class=\"u-clearfix u-section-3\" id=\"sec-5035\">\n      <div class=\"u-align-left u-container-style u-expanded-width-xs u-group u-palette-1-base u-group-1\">\n        <div class=\"u-container-layout u-container-layout-1\"><\/div>\n      <\/div>\n      <div class=\"u-container-style u-group u-shape-rectangle u-group-2\">\n        <div class=\"u-container-layout u-valign-top-md u-valign-top-sm u-valign-top-xs u-container-layout-2\">\n          <h2 class=\"u-align-left-sm u-align-left-xs u-text u-text-1\">Bomuldsproduktion og landbruget<\/h2>\n          <p class=\"u-align-left-sm u-align-left-xs u-text u-text-2\">\u201dTil\nproduktion af et kilo bomuld \u2013 nok til et par jeans \u2013 bruges i de v\u00e6rste\ntilf\u00e6lde helt op til 8-10.000 liter vand. Hvor det meste vand er brugt i\nkunstvandingen.\u201d&nbsp;<br>\n            <br>\u201dP\u00e5\nverdensplan udg\u00f8r bomuldsproduktionen ca. 2,5 % af det samlede landbrugsareal,\nmen st\u00e5r til geng\u00e6ld for 10 % af det samlede pesticidforbrug og 25 % af det\nsamlede forbrug af insektgifte.\u201d&nbsp;<br>\n            <br>B\u00f8nderne, som\npasser markerne, skal ved konventionel dyrkning spr\u00f8jte med pesticider 20-30\ngange p\u00e5 en s\u00e6son. Dette g\u00f8r, at de bliver eksponerede for giften. Det er med\nhelbredet som indsats. Mange f\u00e5r varige skader eller d\u00f8r ligefrem af\np\u00e5virkningerne.\nForuden brug\naf vand og pesticider bruges omkring 3 kg kemikalier (f.eks. zinkchlorid,\nfomaldehyd, PVC) pr. kg bomuld der produceres.&nbsp;<br>\n            <br>Som forbruger\nkan risikere, der er u\u00f8nskede kemikalier i t\u00f8jet de f\u00f8rste 10 gange, det vaskes.\nFor at v\u00e6re nogenlunde sikker p\u00e5, der ikke er kemikalier i, b\u00f8r man vaske det 3\ngange inden brug. \n          <\/p>\n        <\/div>\n      <\/div>\n      <img decoding=\"async\" src=\"https:\/\/www.farveogstil.dk\/wp-content\/uploads\/2020\/12\/bomuld.jpg\" alt=\"\" class=\"u-align-center-sm u-align-center-xs u-image u-image-default u-image-1\">\n    <\/section>\n    <section class=\"u-clearfix u-section-4\" id=\"carousel_5443\">\n      <div class=\"u-align-left u-container-style u-expanded-width-xs u-group u-palette-1-base u-group-1\">\n        <div class=\"u-container-layout u-container-layout-1\"><\/div>\n      <\/div>\n      <div class=\"u-container-style u-group u-shape-rectangle u-group-2\">\n        <div class=\"u-container-layout u-valign-top-md u-valign-top-sm u-valign-top-xs u-container-layout-2\">\n          <h2 class=\"u-align-left-sm u-align-left-xs u-text u-text-1\">Vi er storforbrugere<\/h2>\n          <p class=\"u-align-left-sm u-align-left-xs u-text u-text-2\">Danskerne er\np\u00e5 verdensplan storforbrugere af t\u00f8j.&nbsp;Vi k\u00f8ber i gennemsnit 10,2 kg t\u00f8j om\n\u00e5ret. Det er 35 % h\u00f8jere end resten af jordens befolknings t\u00f8jforbrug.&nbsp;<br>\n            <br>At k\u00f8be t\u00f8j i\ngenbrugsbutikker er derfor en rigtig god id\u00e9. Man kommer ikke n\u00f8dvendigvis til\nat se kedelig ud. En af de smarteste kvinder jeg kender k\u00f8ber st\u00f8rstedelen af\nsit t\u00f8j i genbrug.&nbsp;<br>\n            <br>Man kan ogs\u00e5\nbytte t\u00f8j med sine venner: Inviter til en t\u00f8jbyttedag. Hav kaffe og kage parat\nog g\u00f8r det til en hyggelig sammenkomst.&nbsp;<br>\n            <br>Pas godt p\u00e5 dit t\u00f8j, s\u00e5\nholder det i mange \u00e5r. F\u00f8lg linket og se, hvordan du vasker dit t\u00f8j rigtigt:&nbsp; \n          <\/p>\n          <a href=\"https:\/\/taenk.dk\/test-og-forbrugerliv\/ferie-og-fritid\/toejspild\/toejvask-saadan-passer-du-paa-dit-toej\" class=\"u-active-none u-border-2 u-border-active-palette-2-dark-1 u-border-hover-palette-2-base u-border-no-left u-border-no-right u-border-no-top u-border-palette-1-base u-btn u-button-style u-hover-none u-none u-text-hover-palette-2-base u-text-palette-1-base u-btn-1\" target=\"_blank\">Pas godt p\u00e5 dit t\u00f8j<\/a>\n          <p class=\"u-text u-text-default u-text-3\">Kilder:<\/p>\n          <a href=\"https:\/\/samfundsfagsportalen.gyldendal.dk\/a_niveau\/tema\/vaerdikaeder\/cases\/case_1\/kapitler\/hvilke_miljoeproblemer_opstaar_i_vaerdikaeden_toej\" class=\"u-active-none u-border-2 u-border-active-palette-2-dark-1 u-border-hover-palette-2-base u-border-no-left u-border-no-right u-border-no-top u-border-palette-1-base u-btn u-button-style u-hover-none u-none u-text-hover-palette-2-base u-text-palette-1-base u-btn-2\" target=\"_blank\">samfundsportalen.gyldendal.dk<\/a>\n          <a href=\"https:\/\/taenk.dk\/test-og-forbrugerliv\/ferie-og-fritid\/toejspild\/toej-saadan-skader-produktionen\" class=\"u-active-none u-border-2 u-border-active-palette-2-dark-1 u-border-hover-palette-2-base u-border-no-left u-border-no-right u-border-no-top u-border-palette-1-base u-btn u-button-style u-hover-none u-none u-text-hover-palette-2-base u-text-palette-1-base u-btn-3\" target=\"_blank\">taenk.dk<\/a>\n        <\/div>\n      <\/div>\n      <img decoding=\"async\" src=\"https:\/\/www.farveogstil.dk\/wp-content\/uploads\/2020\/12\/syning.jpg\" alt=\"\" class=\"u-align-center-sm u-align-center-xs u-image u-image-default u-image-1\">\n    <\/section>\n    \n    \n  \n","protected":false},"excerpt":{"rendered":"<p>t\u00f8j og milj\u00f8 v\u00e6r bevidst om dit t\u00f8jindk\u00f8b Vidste du, at t\u00f8jbranchen er en af de mest forurenende i verden, og at danskerne er storforbrugere af t\u00f8j?&nbsp; Med tryghed omkring dine farver, undg\u00e5r du fejlk\u00f8b &#8211; og du kan med fordel k\u00f8be dit t\u00f8j i genbrugsbutikker. Bomuldsproduktion og landbruget \u201dTil produktion af et kilo bomuld &hellip; <a href=\"https:\/\/www.farveogstil.dk\/index.php\/toej-og-miljoe\/\" class=\"more-link\">Continue reading<span class=\"screen-reader-text\"> &#8220;T\u00f8j og Milj\u00f8&#8221;<\/span><\/a><\/p>\n","protected":false},"author":1,"featured_media":0,"parent":0,"menu_order":7,"comment_status":"closed","ping_status":"closed","template":"","meta":{"footnotes":""},"class_list":["post-136","page","type-page","status-publish","hentry"],"_links":{"self":[{"href":"https:\/\/www.farveogstil.dk\/index.php\/wp-json\/wp\/v2\/pages\/136","targetHints":{"allow":["GET"]}}],"collection":[{"href":"https:\/\/www.farveogstil.dk\/index.php\/wp-json\/wp\/v2\/pages"}],"about":[{"href":"https:\/\/www.farveogstil.dk\/index.php\/wp-json\/wp\/v2\/types\/page"}],"author":[{"embeddable":true,"href":"https:\/\/www.farveogstil.dk\/index.php\/wp-json\/wp\/v2\/users\/1"}],"replies":[{"embeddable":true,"href":"https:\/\/www.farveogstil.dk\/index.php\/wp-json\/wp\/v2\/comments?post=136"}],"version-history":[{"count":3,"href":"https:\/\/www.farveogstil.dk\/index.php\/wp-json\/wp\/v2\/pages\/136\/revisions"}],"predecessor-version":[{"id":546,"href":"https:\/\/www.farveogstil.dk\/index.php\/wp-json\/wp\/v2\/pages\/136\/revisions\/546"}],"wp:attachment":[{"href":"https:\/\/www.farveogstil.dk\/index.php\/wp-json\/wp\/v2\/media?parent=136"}],"curies":[{"name":"wp","href":"https:\/\/api.w.org\/{rel}","templated":true}]}}